{"id":50369,"date":"2025-10-03T16:15:52","date_gmt":"2025-10-03T19:15:52","guid":{"rendered":"https:\/\/emiliano.com.br\/wp-content\/uploads\/2025\/10\/emiliano.com.br-celebre-a-chegada-de-2026-com-sofisticacao-conforto-e-a-vista-mais-iconica-do-rio-foto1.webp"},"modified":"2025-10-03T16:15:53","modified_gmt":"2025-10-03T19:15:53","slug":"emiliano-com-br-celebre-a-chegada-de-2026-com-sofisticacao-conforto-e-a-vista-mais-iconica-do-rio-foto1","status":"inherit","type":"attachment","link":"https:\/\/emiliano.com.br\/en\/celebre-a-chegada-de-2026-com-sofisticacao-conforto-e-a-vista-mais-iconica-do-rio\/emiliano-com-br-celebre-a-chegada-de-2026-com-sofisticacao-conforto-e-a-vista-mais-iconica-do-rio-foto1\/","title":{"rendered":"foto1"},"author":12,"featured_media":0,"comment_status":"open","ping_status":"closed","template":"","meta":{"_acf_changed":false},"class_list":["post-50369","attachment","type-attachment","status-inherit","hentry"],"acf":[],"yoast_head":"<!-- This site is optimized with the Yoast SEO plugin v27.5 - https:\/\/yoast.com\/product\/yoast-seo-wordpress\/ -->\n<title>foto1 - Hotel Emiliano<\/title>\n<meta name=\"robots\" content=\"index, follow, max-snippet:-1, max-image-preview:large, max-video-preview:-1\" \/>\n<link rel=\"canonical\" href=\"https:\/\/emiliano.com.br\/wp-content\/uploads\/2025\/10\/emiliano.com.br-celebre-a-chegada-de-2026-com-sofisticacao-conforto-e-a-vista-mais-iconica-do-rio-foto1.webp\" \/>\n<meta property=\"og:locale\" content=\"en_US\" \/>\n<meta property=\"og:type\" content=\"article\" \/>\n<meta property=\"og:title\" content=\"foto1 - Hotel Emiliano\" \/>\n<meta property=\"og:url\" content=\"https:\/\/emiliano.com.br\/wp-content\/uploads\/2025\/10\/emiliano.com.br-celebre-a-chegada-de-2026-com-sofisticacao-conforto-e-a-vista-mais-iconica-do-rio-foto1.webp\" \/>\n<meta property=\"og:site_name\" content=\"Hotel Emiliano\" \/>\n<meta property=\"article:publisher\" content=\"https:\/\/www.facebook.com\/emilianohotel\/\" \/>\n<meta property=\"article:modified_time\" content=\"2025-10-03T19:15:53+00:00\" \/>\n<meta property=\"og:image\" content=\"https:\/\/emiliano.com.br\/wp-content\/uploads\/2025\/10\/emiliano.com.br-celebre-a-chegada-de-2026-com-sofisticacao-conforto-e-a-vista-mais-iconica-do-rio-foto1.webp\" \/>\n\t<meta property=\"og:image:width\" content=\"1\" \/>\n\t<meta property=\"og:image:height\" content=\"1\" \/>\n\t<meta property=\"og:image:type\" content=\"image\/webp\" \/>\n<meta name=\"twitter:card\" content=\"summary_large_image\" \/>\n<script type=\"application\/ld+json\" class=\"yoast-schema-graph\">{\"@context\":\"https:\\\/\\\/schema.org\",\"@graph\":[{\"@type\":\"WebPage\",\"@id\":\"https:\\\/\\\/emiliano.com.br\\\/wp-content\\\/uploads\\\/2025\\\/10\\\/emiliano.com.br-celebre-a-chegada-de-2026-com-sofisticacao-conforto-e-a-vista-mais-iconica-do-rio-foto1.webp\",\"url\":\"https:\\\/\\\/emiliano.com.br\\\/wp-content\\\/uploads\\\/2025\\\/10\\\/emiliano.com.br-celebre-a-chegada-de-2026-com-sofisticacao-conforto-e-a-vista-mais-iconica-do-rio-foto1.webp\",\"name\":\"foto1 - Hotel Emiliano\",\"isPartOf\":{\"@id\":\"https:\\\/\\\/emiliano.com.br\\\/#website\"},\"datePublished\":\"2025-10-03T19:15:52+00:00\",\"dateModified\":\"2025-10-03T19:15:53+00:00\",\"breadcrumb\":{\"@id\":\"https:\\\/\\\/emiliano.com.br\\\/wp-content\\\/uploads\\\/2025\\\/10\\\/emiliano.com.br-celebre-a-chegada-de-2026-com-sofisticacao-conforto-e-a-vista-mais-iconica-do-rio-foto1.webp#breadcrumb\"},\"inLanguage\":\"en-US\",\"potentialAction\":[{\"@type\":\"ReadAction\",\"target\":[\"https:\\\/\\\/emiliano.com.br\\\/wp-content\\\/uploads\\\/2025\\\/10\\\/emiliano.com.br-celebre-a-chegada-de-2026-com-sofisticacao-conforto-e-a-vista-mais-iconica-do-rio-foto1.webp\"]}]},{\"@type\":\"BreadcrumbList\",\"@id\":\"https:\\\/\\\/emiliano.com.br\\\/wp-content\\\/uploads\\\/2025\\\/10\\\/emiliano.com.br-celebre-a-chegada-de-2026-com-sofisticacao-conforto-e-a-vista-mais-iconica-do-rio-foto1.webp#breadcrumb\",\"itemListElement\":[{\"@type\":\"ListItem\",\"position\":1,\"name\":\"In\u00edcio\",\"item\":\"https:\\\/\\\/emiliano.com.br\\\/en\\\/\"},{\"@type\":\"ListItem\",\"position\":2,\"name\":\"Celebre a chegada de 2026 com sofistica\u00e7\u00e3o, conforto e a vista mais ic\u00f4nica do Rio!\",\"item\":\"https:\\\/\\\/emiliano.com.br\\\/celebre-a-chegada-de-2026-com-sofisticacao-conforto-e-a-vista-mais-iconica-do-rio\\\/\"},{\"@type\":\"ListItem\",\"position\":3,\"name\":\"foto1\"}]},{\"@type\":\"WebSite\",\"@id\":\"https:\\\/\\\/emiliano.com.br\\\/#website\",\"url\":\"https:\\\/\\\/emiliano.com.br\\\/\",\"name\":\"Hotel Emiliano\",\"description\":\"\",\"publisher\":{\"@id\":\"https:\\\/\\\/emiliano.com.br\\\/#organization\"},\"potentialAction\":[{\"@type\":\"SearchAction\",\"target\":{\"@type\":\"EntryPoint\",\"urlTemplate\":\"https:\\\/\\\/emiliano.com.br\\\/?s={search_term_string}\"},\"query-input\":{\"@type\":\"PropertyValueSpecification\",\"valueRequired\":true,\"valueName\":\"search_term_string\"}}],\"inLanguage\":\"en-US\"},{\"@type\":\"Organization\",\"@id\":\"https:\\\/\\\/emiliano.com.br\\\/#organization\",\"name\":\"Hotel Emiliano\",\"url\":\"https:\\\/\\\/emiliano.com.br\\\/\",\"logo\":{\"@type\":\"ImageObject\",\"inLanguage\":\"en-US\",\"@id\":\"https:\\\/\\\/emiliano.com.br\\\/#\\\/schema\\\/logo\\\/image\\\/\",\"url\":\"https:\\\/\\\/emiliano.com.br\\\/wp-content\\\/uploads\\\/2017\\\/07\\\/emiliano.com.br-logo-hotel.png\",\"contentUrl\":\"https:\\\/\\\/emiliano.com.br\\\/wp-content\\\/uploads\\\/2017\\\/07\\\/emiliano.com.br-logo-hotel.png\",\"width\":345,\"height\":70,\"caption\":\"Hotel Emiliano\"},\"image\":{\"@id\":\"https:\\\/\\\/emiliano.com.br\\\/#\\\/schema\\\/logo\\\/image\\\/\"},\"sameAs\":[\"https:\\\/\\\/www.facebook.com\\\/emilianohotel\\\/\",\"https:\\\/\\\/www.instagram.com\\\/hotelemiliano\\\/\"]}]}<\/script>\n<!-- \/ Yoast SEO plugin. -->","yoast_head_json":{"title":"foto1 - Hotel Emiliano","robots":{"index":"index","follow":"follow","max-snippet":"max-snippet:-1","max-image-preview":"max-image-preview:large","max-video-preview":"max-video-preview:-1"},"canonical":"https:\/\/emiliano.com.br\/wp-content\/uploads\/2025\/10\/emiliano.com.br-celebre-a-chegada-de-2026-com-sofisticacao-conforto-e-a-vista-mais-iconica-do-rio-foto1.webp","og_locale":"en_US","og_type":"article","og_title":"foto1 - Hotel Emiliano","og_url":"https:\/\/emiliano.com.br\/wp-content\/uploads\/2025\/10\/emiliano.com.br-celebre-a-chegada-de-2026-com-sofisticacao-conforto-e-a-vista-mais-iconica-do-rio-foto1.webp","og_site_name":"Hotel Emiliano","article_publisher":"https:\/\/www.facebook.com\/emilianohotel\/","article_modified_time":"2025-10-03T19:15:53+00:00","og_image":[{"url":"https:\/\/emiliano.com.br\/wp-content\/uploads\/2025\/10\/emiliano.com.br-celebre-a-chegada-de-2026-com-sofisticacao-conforto-e-a-vista-mais-iconica-do-rio-foto1.webp","width":1,"height":1,"type":"image\/webp"}],"twitter_card":"summary_large_image","schema":{"@context":"https:\/\/schema.org","@graph":[{"@type":"WebPage","@id":"https:\/\/emiliano.com.br\/wp-content\/uploads\/2025\/10\/emiliano.com.br-celebre-a-chegada-de-2026-com-sofisticacao-conforto-e-a-vista-mais-iconica-do-rio-foto1.webp","url":"https:\/\/emiliano.com.br\/wp-content\/uploads\/2025\/10\/emiliano.com.br-celebre-a-chegada-de-2026-com-sofisticacao-conforto-e-a-vista-mais-iconica-do-rio-foto1.webp","name":"foto1 - Hotel Emiliano","isPartOf":{"@id":"https:\/\/emiliano.com.br\/#website"},"datePublished":"2025-10-03T19:15:52+00:00","dateModified":"2025-10-03T19:15:53+00:00","breadcrumb":{"@id":"https:\/\/emiliano.com.br\/wp-content\/uploads\/2025\/10\/emiliano.com.br-celebre-a-chegada-de-2026-com-sofisticacao-conforto-e-a-vista-mais-iconica-do-rio-foto1.webp#breadcrumb"},"inLanguage":"en-US","potentialAction":[{"@type":"ReadAction","target":["https:\/\/emiliano.com.br\/wp-content\/uploads\/2025\/10\/emiliano.com.br-celebre-a-chegada-de-2026-com-sofisticacao-conforto-e-a-vista-mais-iconica-do-rio-foto1.webp"]}]},{"@type":"BreadcrumbList","@id":"https:\/\/emiliano.com.br\/wp-content\/uploads\/2025\/10\/emiliano.com.br-celebre-a-chegada-de-2026-com-sofisticacao-conforto-e-a-vista-mais-iconica-do-rio-foto1.webp#breadcrumb","itemListElement":[{"@type":"ListItem","position":1,"name":"In\u00edcio","item":"https:\/\/emiliano.com.br\/en\/"},{"@type":"ListItem","position":2,"name":"Celebre a chegada de 2026 com sofistica\u00e7\u00e3o, conforto e a vista mais ic\u00f4nica do Rio!","item":"https:\/\/emiliano.com.br\/celebre-a-chegada-de-2026-com-sofisticacao-conforto-e-a-vista-mais-iconica-do-rio\/"},{"@type":"ListItem","position":3,"name":"foto1"}]},{"@type":"WebSite","@id":"https:\/\/emiliano.com.br\/#website","url":"https:\/\/emiliano.com.br\/","name":"Hotel Emiliano","description":"","publisher":{"@id":"https:\/\/emiliano.com.br\/#organization"},"potentialAction":[{"@type":"SearchAction","target":{"@type":"EntryPoint","urlTemplate":"https:\/\/emiliano.com.br\/?s={search_term_string}"},"query-input":{"@type":"PropertyValueSpecification","valueRequired":true,"valueName":"search_term_string"}}],"inLanguage":"en-US"},{"@type":"Organization","@id":"https:\/\/emiliano.com.br\/#organization","name":"Hotel Emiliano","url":"https:\/\/emiliano.com.br\/","logo":{"@type":"ImageObject","inLanguage":"en-US","@id":"https:\/\/emiliano.com.br\/#\/schema\/logo\/image\/","url":"https:\/\/emiliano.com.br\/wp-content\/uploads\/2017\/07\/emiliano.com.br-logo-hotel.png","contentUrl":"https:\/\/emiliano.com.br\/wp-content\/uploads\/2017\/07\/emiliano.com.br-logo-hotel.png","width":345,"height":70,"caption":"Hotel Emiliano"},"image":{"@id":"https:\/\/emiliano.com.br\/#\/schema\/logo\/image\/"},"sameAs":["https:\/\/www.facebook.com\/emilianohotel\/","https:\/\/www.instagram.com\/hotelemiliano\/"]}]}},"jetpack_sharing_enabled":true,"description":{"rendered":"<p class=\"attachment\"><a href='https:\/\/emiliano.com.br\/wp-content\/uploads\/2025\/10\/emiliano.com.br-celebre-a-chegada-de-2026-com-sofisticacao-conforto-e-a-vista-mais-iconica-do-rio-foto1.webp'><img loading=\"lazy\" decoding=\"async\" width=\"300\" height=\"160\" src=\"https:\/\/emiliano.com.br\/wp-content\/uploads\/2025\/10\/emiliano.com.br-celebre-a-chegada-de-2026-com-sofisticacao-conforto-e-a-vista-mais-iconica-do-rio-foto1-300x160.webp\" class=\"attachment-medium size-medium\" alt=\"\" srcset=\"https:\/\/emiliano.com.br\/wp-content\/uploads\/2025\/10\/emiliano.com.br-celebre-a-chegada-de-2026-com-sofisticacao-conforto-e-a-vista-mais-iconica-do-rio-foto1-300x160.webp 300w, https:\/\/emiliano.com.br\/wp-content\/uploads\/2025\/10\/emiliano.com.br-celebre-a-chegada-de-2026-com-sofisticacao-conforto-e-a-vista-mais-iconica-do-rio-foto1-1024x546.webp 1024w, https:\/\/emiliano.com.br\/wp-content\/uploads\/2025\/10\/emiliano.com.br-celebre-a-chegada-de-2026-com-sofisticacao-conforto-e-a-vista-mais-iconica-do-rio-foto1-768x410.webp 768w, https:\/\/emiliano.com.br\/wp-content\/uploads\/2025\/10\/emiliano.com.br-celebre-a-chegada-de-2026-com-sofisticacao-conforto-e-a-vista-mais-iconica-do-rio-foto1-420x224.webp 420w, https:\/\/emiliano.com.br\/wp-content\/uploads\/2025\/10\/emiliano.com.br-celebre-a-chegada-de-2026-com-sofisticacao-conforto-e-a-vista-mais-iconica-do-rio-foto1-540x288.webp 540w, https:\/\/emiliano.com.br\/wp-content\/uploads\/2025\/10\/emiliano.com.br-celebre-a-chegada-de-2026-com-sofisticacao-conforto-e-a-vista-mais-iconica-do-rio-foto1-780x416.webp 780w, https:\/\/emiliano.com.br\/wp-content\/uploads\/2025\/10\/emiliano.com.br-celebre-a-chegada-de-2026-com-sofisticacao-conforto-e-a-vista-mais-iconica-do-rio-foto1-1536x819.webp 1536w, https:\/\/emiliano.com.br\/wp-content\/uploads\/2025\/10\/emiliano.com.br-celebre-a-chegada-de-2026-com-sofisticacao-conforto-e-a-vista-mais-iconica-do-rio-foto1-2048x1092.webp 2048w, https:\/\/emiliano.com.br\/wp-content\/uploads\/2025\/10\/emiliano.com.br-celebre-a-chegada-de-2026-com-sofisticacao-conforto-e-a-vista-mais-iconica-do-rio-foto1-600x320.webp 600w\" sizes=\"auto, (max-width: 300px) 100vw, 300px\" \/><\/a><\/p>\n"},"caption":{"rendered":""},"alt_text":"","media_type":"image","mime_type":"image\/webp","media_details":{"width":2100,"height":1120,"file":"2025\/10\/emiliano.com.br-celebre-a-chegada-de-2026-com-sofisticacao-conforto-e-a-vista-mais-iconica-do-rio-foto1.webp","filesize":160060,"sizes":{"medium":{"file":"emiliano.com.br-celebre-a-chegada-de-2026-com-sofisticacao-conforto-e-a-vista-mais-iconica-do-rio-foto1-300x160.webp","width":300,"height":160,"filesize":10050,"mime_type":"image\/webp","source_url":"https:\/\/emiliano.com.br\/wp-content\/uploads\/2025\/10\/emiliano.com.br-celebre-a-chegada-de-2026-com-sofisticacao-conforto-e-a-vista-mais-iconica-do-rio-foto1-300x160.webp"},"large":{"file":"emiliano.com.br-celebre-a-chegada-de-2026-com-sofisticacao-conforto-e-a-vista-mais-iconica-do-rio-foto1-1024x546.webp","width":1024,"height":546,"filesize":65218,"mime_type":"image\/webp","source_url":"https:\/\/emiliano.com.br\/wp-content\/uploads\/2025\/10\/emiliano.com.br-celebre-a-chegada-de-2026-com-sofisticacao-conforto-e-a-vista-mais-iconica-do-rio-foto1-1024x546.webp"},"thumbnail":{"file":"emiliano.com.br-celebre-a-chegada-de-2026-com-sofisticacao-conforto-e-a-vista-mais-iconica-do-rio-foto1-150x150.webp","width":150,"height":150,"filesize":4440,"mime_type":"image\/webp","source_url":"https:\/\/emiliano.com.br\/wp-content\/uploads\/2025\/10\/emiliano.com.br-celebre-a-chegada-de-2026-com-sofisticacao-conforto-e-a-vista-mais-iconica-do-rio-foto1-150x150.webp"},"medium_large":{"file":"emiliano.com.br-celebre-a-chegada-de-2026-com-sofisticacao-conforto-e-a-vista-mais-iconica-do-rio-foto1-768x410.webp","width":768,"height":410,"filesize":41574,"mime_type":"image\/webp","source_url":"https:\/\/emiliano.com.br\/wp-content\/uploads\/2025\/10\/emiliano.com.br-celebre-a-chegada-de-2026-com-sofisticacao-conforto-e-a-vista-mais-iconica-do-rio-foto1-768x410.webp"},"sgg-420":{"file":"emiliano.com.br-celebre-a-chegada-de-2026-com-sofisticacao-conforto-e-a-vista-mais-iconica-do-rio-foto1-420x224.webp","width":420,"height":224,"filesize":16600,"mime_type":"image\/webp","source_url":"https:\/\/emiliano.com.br\/wp-content\/uploads\/2025\/10\/emiliano.com.br-celebre-a-chegada-de-2026-com-sofisticacao-conforto-e-a-vista-mais-iconica-do-rio-foto1-420x224.webp"},"sgg-540":{"file":"emiliano.com.br-celebre-a-chegada-de-2026-com-sofisticacao-conforto-e-a-vista-mais-iconica-do-rio-foto1-540x288.webp","width":540,"height":288,"filesize":23730,"mime_type":"image\/webp","source_url":"https:\/\/emiliano.com.br\/wp-content\/uploads\/2025\/10\/emiliano.com.br-celebre-a-chegada-de-2026-com-sofisticacao-conforto-e-a-vista-mais-iconica-do-rio-foto1-540x288.webp"},"sgg-780":{"file":"emiliano.com.br-celebre-a-chegada-de-2026-com-sofisticacao-conforto-e-a-vista-mais-iconica-do-rio-foto1-780x416.webp","width":780,"height":416,"filesize":41954,"mime_type":"image\/webp","source_url":"https:\/\/emiliano.com.br\/wp-content\/uploads\/2025\/10\/emiliano.com.br-celebre-a-chegada-de-2026-com-sofisticacao-conforto-e-a-vista-mais-iconica-do-rio-foto1-780x416.webp"},"1536x1536":{"file":"emiliano.com.br-celebre-a-chegada-de-2026-com-sofisticacao-conforto-e-a-vista-mais-iconica-do-rio-foto1-1536x819.webp","width":1536,"height":819,"filesize":122160,"mime_type":"image\/webp","source_url":"https:\/\/emiliano.com.br\/wp-content\/uploads\/2025\/10\/emiliano.com.br-celebre-a-chegada-de-2026-com-sofisticacao-conforto-e-a-vista-mais-iconica-do-rio-foto1-1536x819.webp"},"2048x2048":{"file":"emiliano.com.br-celebre-a-chegada-de-2026-com-sofisticacao-conforto-e-a-vista-mais-iconica-do-rio-foto1-2048x1092.webp","width":2048,"height":1092,"filesize":183618,"mime_type":"image\/webp","source_url":"https:\/\/emiliano.com.br\/wp-content\/uploads\/2025\/10\/emiliano.com.br-celebre-a-chegada-de-2026-com-sofisticacao-conforto-e-a-vista-mais-iconica-do-rio-foto1-2048x1092.webp"},"gallery":{"file":"emiliano.com.br-celebre-a-chegada-de-2026-com-sofisticacao-conforto-e-a-vista-mais-iconica-do-rio-foto1-375x300.webp","width":375,"height":300,"filesize":15318,"mime_type":"image\/webp","source_url":"https:\/\/emiliano.com.br\/wp-content\/uploads\/2025\/10\/emiliano.com.br-celebre-a-chegada-de-2026-com-sofisticacao-conforto-e-a-vista-mais-iconica-do-rio-foto1-375x300.webp"},"box":{"file":"emiliano.com.br-celebre-a-chegada-de-2026-com-sofisticacao-conforto-e-a-vista-mais-iconica-do-rio-foto1-570x600.webp","width":570,"height":600,"filesize":27870,"mime_type":"image\/webp","source_url":"https:\/\/emiliano.com.br\/wp-content\/uploads\/2025\/10\/emiliano.com.br-celebre-a-chegada-de-2026-com-sofisticacao-conforto-e-a-vista-mais-iconica-do-rio-foto1-570x600.webp"},"gallery-full":{"file":"emiliano.com.br-celebre-a-chegada-de-2026-com-sofisticacao-conforto-e-a-vista-mais-iconica-do-rio-foto1-380x545.webp","width":380,"height":545,"filesize":16464,"mime_type":"image\/webp","source_url":"https:\/\/emiliano.com.br\/wp-content\/uploads\/2025\/10\/emiliano.com.br-celebre-a-chegada-de-2026-com-sofisticacao-conforto-e-a-vista-mais-iconica-do-rio-foto1-380x545.webp"},"gallery-two":{"file":"emiliano.com.br-celebre-a-chegada-de-2026-com-sofisticacao-conforto-e-a-vista-mais-iconica-do-rio-foto1-568x370.webp","width":568,"height":370,"filesize":27960,"mime_type":"image\/webp","source_url":"https:\/\/emiliano.com.br\/wp-content\/uploads\/2025\/10\/emiliano.com.br-celebre-a-chegada-de-2026-com-sofisticacao-conforto-e-a-vista-mais-iconica-do-rio-foto1-568x370.webp"},"galeria":{"file":"emiliano.com.br-celebre-a-chegada-de-2026-com-sofisticacao-conforto-e-a-vista-mais-iconica-do-rio-foto1-300x200.webp","width":300,"height":200,"filesize":10786,"mime_type":"image\/webp","source_url":"https:\/\/emiliano.com.br\/wp-content\/uploads\/2025\/10\/emiliano.com.br-celebre-a-chegada-de-2026-com-sofisticacao-conforto-e-a-vista-mais-iconica-do-rio-foto1-300x200.webp"},"tenweb_optimizer_mobile":{"file":"emiliano.com.br-celebre-a-chegada-de-2026-com-sofisticacao-conforto-e-a-vista-mais-iconica-do-rio-foto1-600x320.webp","width":600,"height":320,"filesize":28068,"mime_type":"image\/webp","source_url":"https:\/\/emiliano.com.br\/wp-content\/uploads\/2025\/10\/emiliano.com.br-celebre-a-chegada-de-2026-com-sofisticacao-conforto-e-a-vista-mais-iconica-do-rio-foto1-600x320.webp"},"tenweb_optimizer_tablet":{"file":"emiliano.com.br-celebre-a-chegada-de-2026-com-sofisticacao-conforto-e-a-vista-mais-iconica-do-rio-foto1-768x410.webp","width":768,"height":410,"filesize":41574,"mime_type":"image\/webp","source_url":"https:\/\/emiliano.com.br\/wp-content\/uploads\/2025\/10\/emiliano.com.br-celebre-a-chegada-de-2026-com-sofisticacao-conforto-e-a-vista-mais-iconica-do-rio-foto1-768x410.webp"},"full":{"file":"emiliano.com.br-celebre-a-chegada-de-2026-com-sofisticacao-conforto-e-a-vista-mais-iconica-do-rio-foto1.webp","width":2100,"height":1120,"mime_type":"image\/webp","source_url":"https:\/\/emiliano.com.br\/wp-content\/uploads\/2025\/10\/emiliano.com.br-celebre-a-chegada-de-2026-com-sofisticacao-conforto-e-a-vista-mais-iconica-do-rio-foto1.webp"}},"image_meta":{"aperture":"0","credit":"","camera":"","caption":"","created_timestamp":"0","copyright":"","focal_length":"0","iso":"0","shutter_speed":"0","title":"","orientation":"0","keywords":[]}},"post":50364,"source_url":"https:\/\/emiliano.com.br\/wp-content\/uploads\/2025\/10\/emiliano.com.br-celebre-a-chegada-de-2026-com-sofisticacao-conforto-e-a-vista-mais-iconica-do-rio-foto1.webp","_links":{"self":[{"href":"https:\/\/emiliano.com.br\/en\/wp-json\/wp\/v2\/media\/50369","targetHints":{"allow":["GET"]}}],"collection":[{"href":"https:\/\/emiliano.com.br\/en\/wp-json\/wp\/v2\/media"}],"about":[{"href":"https:\/\/emiliano.com.br\/en\/wp-json\/wp\/v2\/types\/attachment"}],"author":[{"embeddable":true,"href":"https:\/\/emiliano.com.br\/en\/wp-json\/wp\/v2\/users\/12"}],"replies":[{"embeddable":true,"href":"https:\/\/emiliano.com.br\/en\/wp-json\/wp\/v2\/comments?post=50369"}],"wp:attached-to":[{"embeddable":true,"post_type":"page","id":50364,"href":"https:\/\/emiliano.com.br\/en\/wp-json\/wp\/v2\/pages\/50364"}],"curies":[{"name":"wp","href":"https:\/\/api.w.org\/{rel}","templated":true}]}}